{"id":299,"date":"2020-04-14T14:48:07","date_gmt":"2020-04-14T14:48:07","guid":{"rendered":"https:\/\/www.solidaridadenfermera.org\/delegacion-de-almeria\/?post_type=service&#038;p=299"},"modified":"2021-05-19T07:33:42","modified_gmt":"2021-05-19T07:33:42","slug":"299","status":"publish","type":"service","link":"https:\/\/www.solidaridadenfermera.org\/almeria\/servicios\/299\/","title":{"rendered":"Prueba"},"content":{"rendered":"\n<div class=\"wp-block-cge-blocks-page-header row-page-header\"><div class=\"slider owl-bg-color\"><div class=\"owl-header-parent\"><div class=\"carousel owl-header\" data-dots=\"false\"><div class=\"container-fluid px-0\" style=\"min-height:px;background-color:#ffffff\">\n                    <div class=\"container h-100 d-flex align-items-center\">\n                        <div class=\"item\">\n                                <h1 class=\"title\" style=\"color:#000000;\">Lorem ipsum<\/h1>\n                                <p class=\"text\" style=\"color:#000000\">Lorem ipsum dolor sit amet, consectetur adipiscing elit. Integer eu commodo ipsum, a aliquet ligula.<\/p> \n                                <p class=\"link\"><a href=\"#\" class=\"btn btn-outline\" style=\"color:#eeeeee; background-color:#eeeeee;\">Saber m\u00e1s<\/a><\/p>\n                        <\/div>\n                        \n                    <\/div>\n                <\/div><\/div><\/div><\/div>\n\n<\/div>\n\n\n\n<div class=\"wp-block-group container\"><div class=\"wp-block-group__inner-container is-layout-flow wp-block-group-is-layout-flow\">\n<h2 class=\"wp-block-heading\">Descripci\u00f3n<\/h2>\n\n\n\n<p>Lorem ipsum dolor sit amet, consectetur adipiscing elit. Nullam eu accumsan lorem. Cras sit amet dictum est. Curabitur viverra tincidunt vestibulum. Nam interdum ornare dolor, ut posuere odio ullamcorper at. Nullam convallis metus eu sem finibus, eget auctor ligula suscipit. Mauris pulvinar quam mollis quam convallis, ut sollicitudin lectus faucibus. Fusce orci libero, blandit nec est vel, mollis ultricies magna. Cras efficitur erat vel accumsan pretium. Morbi in interdum augue. Fusce condimentum tellus id leo convallis, at commodo neque finibus. Nullam scelerisque ligula quis pellentesque gravida. Vivamus sed feugiat mi, a finibus justo. In vitae tortor eget sapien egestas semper eu ut orci.<\/p>\n\n\n\n<figure class=\"wp-block-gallery columns-3 is-cropped wp-block-gallery-1 is-layout-flex wp-block-gallery-is-layout-flex\"><ul class=\"blocks-gallery-grid\"><li class=\"blocks-gallery-item\"><figure><img decoding=\"async\" src=\"https:\/\/www.solidaridadenfermera.org\/delegacion-de-almeria\/wp-content\/uploads\/sites\/75\/2020\/04\/computer-desk-laptop-stethoscope-48604-1024x653.jpg\" alt=\"\" data-id=\"300\" data-full-url=\"https:\/\/www.solidaridadenfermera.org\/delegacion-de-almeria\/wp-content\/uploads\/sites\/75\/2020\/04\/computer-desk-laptop-stethoscope-48604.jpg\" data-link=\"https:\/\/www.solidaridadenfermera.org\/delegacion-de-almeria\/?attachment_id=300\" class=\"wp-image-300\"\/><\/figure><\/li><li class=\"blocks-gallery-item\"><figure><img decoding=\"async\" src=\"https:\/\/www.solidaridadenfermera.org\/delegacion-de-almeria\/wp-content\/uploads\/sites\/75\/2020\/04\/imagenes-resol-02-1024x404.png\" alt=\"\" data-id=\"302\" data-full-url=\"https:\/\/www.solidaridadenfermera.org\/delegacion-de-almeria\/wp-content\/uploads\/sites\/75\/2020\/04\/imagenes-resol-02.png\" data-link=\"https:\/\/www.solidaridadenfermera.org\/delegacion-de-almeria\/?attachment_id=302\" class=\"wp-image-302\"\/><\/figure><\/li><li class=\"blocks-gallery-item\"><figure><img decoding=\"async\" src=\"https:\/\/www.solidaridadenfermera.org\/delegacion-de-almeria\/wp-content\/uploads\/sites\/75\/2020\/04\/imagenes-resol-03-1024x404.png\" alt=\"\" data-id=\"304\" data-full-url=\"https:\/\/www.solidaridadenfermera.org\/delegacion-de-almeria\/wp-content\/uploads\/sites\/75\/2020\/04\/imagenes-resol-03.png\" data-link=\"https:\/\/www.solidaridadenfermera.org\/delegacion-de-almeria\/?attachment_id=304\" class=\"wp-image-304\"\/><\/figure><\/li><\/ul><\/figure>\n\n\n\n<p>Lorem ipsum dolor sit amet, consectetur adipiscing elit. Nullam eu accumsan lorem. Cras sit amet dictum est. Curabitur viverra tincidunt vestibulum. Nam interdum ornare dolor, ut posuere odio ullamcorper at. Nullam convallis metus eu sem finibus, eget auctor ligula suscipit. Mauris pulvinar quam mollis quam convallis, ut sollicitudin lectus faucibus. Fusce orci libero, blandit nec est vel, mollis ultricies magna. Cras efficitur erat vel accumsan pretium. Morbi in interdum augue. Fusce condimentum tellus id leo convallis, at commodo neque finibus. Nullam scelerisque ligula quis pellentesque gravida. Vivamus sed feugiat mi, a finibus justo. In vitae tortor eget sapien egestas semper eu ut orci.<\/p>\n\n\n\n<h2 class=\"wp-block-heading\">Contenidos<\/h2>\n\n\n\n<p>Lorem ipsum dolor sit amet, consectetur adipiscing elit. Nullam eu accumsan lorem. Cras sit amet dictum est. Curabitur viverra tincidunt vestibulum. Nam interdum ornare dolor, ut posuere odio ullamcorper at. Nullam convallis metus eu sem finibus, eget auctor ligula suscipit. Mauris pulvinar quam mollis quam convallis, ut sollicitudin lectus faucibus. Fusce orci libero, blandit nec est vel, mollis ultricies magna. Cras efficitur erat vel accumsan pretium. Morbi in interdum augue. Fusce condimentum tellus id leo convallis, at commodo neque finibus. Nullam scelerisque ligula quis pellentesque gravida. Vivamus sed feugiat mi, a finibus justo. In vitae tortor eget sapien egestas semper eu ut orci.<\/p>\n<\/div><\/div>\n\n\n\n<div class=\"wp-block-cge-blocks-more-info container\">\n<p class=\"has-text-align-center default-subtitle\">Lorem ipsum dolor sit amet<\/p>\n\n\n\n<p>Lorem ipsum dolor sit amet, consectetur adipiscing elit. Nullam eu accumsan lorem. Cras sit amet dictum est. Curabitur viverra tincidunt vestibulum. Nam interdum ornare dolor, ut posuere odio ullamcorper at. Nullam convallis metus eu sem finibus, eget auctor ligula suscipit. Mauris pulvinar quam mollis quam convallis, ut sollicitudin lectus faucibus. Fusce orci libero, blandit nec est vel, mollis ultricies magna. Cras efficitur erat vel accumsan pretium. Morbi in interdum augue. Fusce condimentum tellus id leo convallis, at commodo neque finibus. Nullam scelerisque ligula quis pellentesque gravida. Vivamus sed feugiat mi, a finibus justo. In vitae tortor eget sapien egestas semper eu ut orci.<\/p>\n\n\n\n<figure class=\"wp-block-image size-large\"><img decoding=\"async\" src=\"https:\/\/www.solidaridadenfermera.org\/delegacion-de-almeria\/wp-content\/uploads\/sites\/75\/2020\/03\/imagenes-resol-11.png\" alt=\"\" class=\"wp-image-110\"\/><\/figure>\n\n\n<\/div>\n\n\n\n<div class=\"wp-block-cge-blocks-downloads-list\"><div class=\"container\">\n<h2 class=\"wp-block-heading\"><\/h2>\n\n\n\n<div class=\"wp-block-file\"><a href=\"https:\/\/www.solidaridadenfermera.org\/delegacion-de-almeria\/wp-content\/uploads\/sites\/75\/2020\/03\/Informe-colegiacion.pdf\" target=\"_blank\" rel=\"noreferrer noopener\">Informe-colegiacion<\/a><\/div>\n<\/div><\/div>\n\n\n\n<div class=\"wp-block-columns row-sections-home is-layout-flex wp-container-core-columns-is-layout-9d6595d7 wp-block-columns-is-layout-flex\">\n<div class=\"wp-block-column is-layout-flow wp-block-column-is-layout-flow\">\n<div class=\"wp-block-cover has-background-dim\" style=\"background-image:url(https:\/\/www.solidaridadenfermera.org\/delegacion-de-almeria\/wp-content\/uploads\/sites\/75\/2020\/03\/imagenes-resol-10.png)\"><div class=\"wp-block-cover__inner-container is-layout-flow wp-block-cover-is-layout-flow\">\n<h3 class=\"small-title wp-block-heading\">Empleo<\/h3>\n\n\n\n<p>Lorem ipsum dolor sit amet, consectetur adipiscing elit. Integer malesuada fermentum ante<\/p>\n\n\n\n<div class=\"wp-block-buttons aligncenter is-layout-flex wp-block-buttons-is-layout-flex\">\n<div class=\"wp-block-button\"><a class=\"wp-block-button__link\">Lorem ipsum<\/a><\/div>\n<\/div>\n\n\n\n<p><\/p>\n<\/div><\/div>\n\n\n\n<p><\/p>\n<\/div>\n\n\n\n<div class=\"wp-block-column is-layout-flow wp-block-column-is-layout-flow\">\n<div class=\"wp-block-cover has-background-dim\" style=\"background-image:url(https:\/\/www.solidaridadenfermera.org\/delegacion-de-almeria\/wp-content\/uploads\/sites\/75\/2020\/03\/imagenes-resol-11.png)\"><div class=\"wp-block-cover__inner-container is-layout-flow wp-block-cover-is-layout-flow\">\n<h3 class=\"small-title wp-block-heading\">Formaci\u00f3n<\/h3>\n\n\n\n<p>Lorem ipsum dolor sit amet, consectetur adipiscing elit. Integer malesuada fermentum ante<\/p>\n\n\n\n<div class=\"wp-block-buttons aligncenter is-layout-flex wp-block-buttons-is-layout-flex\">\n<div class=\"wp-block-button\"><a class=\"wp-block-button__link\">Lorem ipsum<\/a><\/div>\n<\/div>\n\n\n\n<p><\/p>\n<\/div><\/div>\n<\/div>\n\n\n\n<div class=\"wp-block-column is-layout-flow wp-block-column-is-layout-flow\">\n<div class=\"wp-block-cover has-background-dim\" style=\"background-image:url(https:\/\/www.solidaridadenfermera.org\/delegacion-de-almeria\/wp-content\/uploads\/sites\/75\/2020\/03\/imagenes-resol-12.png)\"><div class=\"wp-block-cover__inner-container is-layout-flow wp-block-cover-is-layout-flow\">\n<h3 class=\"small-title wp-block-heading\">Becas<\/h3>\n\n\n\n<p>Lorem ipsum dolor sit amet, consectetur adipiscing elit. Integer malesuada fermentum ante<\/p>\n\n\n\n<div class=\"wp-block-buttons aligncenter is-layout-flex wp-block-buttons-is-layout-flex\">\n<div class=\"wp-block-button\"><a class=\"wp-block-button__link\">Lorem ipsum<\/a><\/div>\n<\/div>\n\n\n\n<p><\/p>\n<\/div><\/div>\n<\/div>\n\n\n\n<div class=\"wp-block-column is-layout-flow wp-block-column-is-layout-flow\">\n<div class=\"wp-block-cover has-background-dim\" style=\"background-image:url(https:\/\/www.solidaridadenfermera.org\/delegacion-de-almeria\/wp-content\/uploads\/sites\/75\/2020\/03\/imagenes-resol-13.png)\"><div class=\"wp-block-cover__inner-container is-layout-flow wp-block-cover-is-layout-flow\">\n<h3 class=\"small-title wp-block-heading\">Agenda<\/h3>\n\n\n\n<p>Lorem ipsum dolor sit amet, consectetur adipiscing elit. Integer malesuada fermentum ante<\/p>\n\n\n\n<div class=\"wp-block-buttons is-layout-flex wp-block-buttons-is-layout-flex\">\n<div class=\"wp-block-button\"><a class=\"wp-block-button__link\">Lorem ipsum<\/a><\/div>\n<\/div>\n\n\n\n<p><\/p>\n<\/div><\/div>\n<\/div>\n<\/div>\n\n\n\n<p><\/p>\n\n\n<div class=\"row-polls\"><div class=\"block-polls container\"><div class=\"polls-title\"><h2>Type a title<\/h2><p>Type a description<\/p><\/div><div class=\"item\"><div id=\"polls-1\" class=\"wp-polls\">\n\t<form id=\"polls_form_1\" class=\"wp-polls-form\" action=\"\/index.php\" method=\"post\">\n\t\t<p style=\"display: none;\"><input type=\"hidden\" id=\"poll_1_nonce\" name=\"wp-polls-nonce\" value=\"75188ee971\" \/><\/p>\n\t\t<p style=\"display: none;\"><input type=\"hidden\" name=\"poll_id\" value=\"1\" \/><\/p>\n\t\t<p class=\"p-poll-header\"><strong>How Is My Site?<\/strong><\/p><div id=\"polls-1-ans\" class=\"wp-polls-ans\"><ul class=\"wp-polls-ul\">\n\t\t<li><input type=\"radio\" id=\"poll-answer-1\" name=\"poll_1\" value=\"1\" \/> <label for=\"poll-answer-1\">Good<\/label><\/li>\n\t\t<li><input type=\"radio\" id=\"poll-answer-2\" name=\"poll_1\" value=\"2\" \/> <label for=\"poll-answer-2\">Excellent<\/label><\/li>\n\t\t<li><input type=\"radio\" id=\"poll-answer-3\" name=\"poll_1\" value=\"3\" \/> <label for=\"poll-answer-3\">Bad<\/label><\/li>\n\t\t<li><input type=\"radio\" id=\"poll-answer-4\" name=\"poll_1\" value=\"4\" \/> <label for=\"poll-answer-4\">Can Be Improved<\/label><\/li>\n\t\t<li><input type=\"radio\" id=\"poll-answer-5\" name=\"poll_1\" value=\"5\" \/> <label for=\"poll-answer-5\">No Comments<\/label><\/li>\n\t\t<\/ul><p style=\"text-align: center\"><input type=\"button\" name=\"vote\" value=\"Votar\" class=\"Buttons\" onclick=\"poll_vote(1);\" \/><\/p><p style=\"text-align: center\"><a href=\"#ViewPollResults\" onclick=\"poll_result(1); return false;\" title=\"Ver resultados de la encuesta\">Ver resultados<\/a><\/p><\/div>\n\t<\/form>\n<\/div>\n<div id=\"polls-1-loading\" class=\"wp-polls-loading\"><img loading=\"lazy\" decoding=\"async\" src=\"https:\/\/www.solidaridadenfermera.org\/almeria\/wp-content\/plugins\/wp-polls\/images\/loading.gif\" width=\"16\" height=\"16\" alt=\"Cargando ...\" title=\"Cargando ...\" class=\"wp-polls-image\" \/>&nbsp;Cargando &#8230;<\/div>\n<\/div><\/div><\/div>\n\n\n<p><\/p>\n","protected":false},"excerpt":{"rendered":"<p>Lorem ipsum dolor sit amet, consectetur adipiscing elit. Nullam eu accumsan lorem. Cras sit amet dictum est. Curabitur viverra tincidunt vestibulum. Nam interdum ornare dolor, ut posuere odio ullamcorper at. Nullam convallis metus eu sem finibus, eget auctor ligula suscipit. Mauris pulvinar quam mollis quam convallis, ut sollicitudin lectus faucibus. Fusce orci libero, blandit nec \u2026<\/p>\n","protected":false},"featured_media":0,"parent":0,"menu_order":0,"template":"","service_category":[],"class_list":["post-299","service","type-service","status-publish","hentry"],"yoast_head":"<!-- This site is optimized with the Yoast SEO plugin v27.0 - https:\/\/yoast.com\/product\/yoast-seo-wordpress\/ -->\n<title>Prueba - Delegaci\u00f3n de Almer\u00eda<\/title>\n<meta name=\"robots\" content=\"index, follow, max-snippet:-1, max-image-preview:large, max-video-preview:-1\" \/>\n<link rel=\"canonical\" href=\"https:\/\/www.solidaridadenfermera.org\/almeria\/servicios\/299\/\" \/>\n<meta property=\"og:locale\" content=\"es_ES\" \/>\n<meta property=\"og:type\" content=\"article\" \/>\n<meta property=\"og:title\" content=\"Prueba - Delegaci\u00f3n de Almer\u00eda\" \/>\n<meta property=\"og:description\" content=\"Lorem ipsum dolor sit amet, consectetur adipiscing elit. Nullam eu accumsan lorem. Cras sit amet dictum est. Curabitur viverra tincidunt vestibulum. Nam interdum ornare dolor, ut posuere odio ullamcorper at. Nullam convallis metus eu sem finibus, eget auctor ligula suscipit. Mauris pulvinar quam mollis quam convallis, ut sollicitudin lectus faucibus. Fusce orci libero, blandit nec \u2026\" \/>\n<meta property=\"og:url\" content=\"https:\/\/www.solidaridadenfermera.org\/almeria\/servicios\/299\/\" \/>\n<meta property=\"og:site_name\" content=\"Delegaci\u00f3n de Almer\u00eda\" \/>\n<meta property=\"article:modified_time\" content=\"2021-05-19T07:33:42+00:00\" \/>\n<meta property=\"og:image\" content=\"https:\/\/www.solidaridadenfermera.org\/delegacion-de-almeria\/wp-content\/uploads\/sites\/75\/2020\/04\/computer-desk-laptop-stethoscope-48604-1024x653.jpg\" \/>\n<meta name=\"twitter:card\" content=\"summary_large_image\" \/>\n<meta name=\"twitter:label1\" content=\"Tiempo de lectura\" \/>\n\t<meta name=\"twitter:data1\" content=\"2 minutos\" \/>\n<script type=\"application\/ld+json\" class=\"yoast-schema-graph\">{\"@context\":\"https:\/\/schema.org\",\"@graph\":[{\"@type\":\"WebPage\",\"@id\":\"https:\/\/www.solidaridadenfermera.org\/almeria\/servicios\/299\/\",\"url\":\"https:\/\/www.solidaridadenfermera.org\/almeria\/servicios\/299\/\",\"name\":\"Prueba - Delegaci\u00f3n de Almer\u00eda\",\"isPartOf\":{\"@id\":\"https:\/\/www.solidaridadenfermera.org\/almeria\/#website\"},\"primaryImageOfPage\":{\"@id\":\"https:\/\/www.solidaridadenfermera.org\/almeria\/servicios\/299\/#primaryimage\"},\"image\":{\"@id\":\"https:\/\/www.solidaridadenfermera.org\/almeria\/servicios\/299\/#primaryimage\"},\"thumbnailUrl\":\"https:\/\/www.solidaridadenfermera.org\/delegacion-de-almeria\/wp-content\/uploads\/sites\/75\/2020\/04\/computer-desk-laptop-stethoscope-48604-1024x653.jpg\",\"datePublished\":\"2020-04-14T14:48:07+00:00\",\"dateModified\":\"2021-05-19T07:33:42+00:00\",\"breadcrumb\":{\"@id\":\"https:\/\/www.solidaridadenfermera.org\/almeria\/servicios\/299\/#breadcrumb\"},\"inLanguage\":\"es\",\"potentialAction\":[{\"@type\":\"ReadAction\",\"target\":[\"https:\/\/www.solidaridadenfermera.org\/almeria\/servicios\/299\/\"]}]},{\"@type\":\"ImageObject\",\"inLanguage\":\"es\",\"@id\":\"https:\/\/www.solidaridadenfermera.org\/almeria\/servicios\/299\/#primaryimage\",\"url\":\"https:\/\/www.solidaridadenfermera.org\/delegacion-de-almeria\/wp-content\/uploads\/sites\/75\/2020\/04\/computer-desk-laptop-stethoscope-48604-1024x653.jpg\",\"contentUrl\":\"https:\/\/www.solidaridadenfermera.org\/delegacion-de-almeria\/wp-content\/uploads\/sites\/75\/2020\/04\/computer-desk-laptop-stethoscope-48604-1024x653.jpg\"},{\"@type\":\"BreadcrumbList\",\"@id\":\"https:\/\/www.solidaridadenfermera.org\/almeria\/servicios\/299\/#breadcrumb\",\"itemListElement\":[{\"@type\":\"ListItem\",\"position\":1,\"name\":\"Inicio\",\"item\":\"https:\/\/www.solidaridadenfermera.org\/almeria\/\"},{\"@type\":\"ListItem\",\"position\":2,\"name\":\"Servicios\",\"item\":\"https:\/\/www.solidaridadenfermera.org\/almeria\/servicios\/\"},{\"@type\":\"ListItem\",\"position\":3,\"name\":\"Prueba\"}]},{\"@type\":\"WebSite\",\"@id\":\"https:\/\/www.solidaridadenfermera.org\/almeria\/#website\",\"url\":\"https:\/\/www.solidaridadenfermera.org\/almeria\/\",\"name\":\"Delegaci\u00f3n de Almer\u00eda\",\"description\":\"Consejo General de Enfermer\u00eda (CGE) es una organizaci\u00f3n profesional con m\u00e1s 100 a\u00f1os de historia, que en base a los fines y funciones que le atribuye su Estatuto Aprobado por Real Decreto 1231, de 8 de noviembre de 2001, se constituye como el referente para la profesi\u00f3n de enfermer\u00eda, representando a un colectivo de doscientos mil colegiados.\",\"publisher\":{\"@id\":\"https:\/\/www.solidaridadenfermera.org\/almeria\/#organization\"},\"potentialAction\":[{\"@type\":\"SearchAction\",\"target\":{\"@type\":\"EntryPoint\",\"urlTemplate\":\"https:\/\/www.solidaridadenfermera.org\/almeria\/?s={search_term_string}\"},\"query-input\":{\"@type\":\"PropertyValueSpecification\",\"valueRequired\":true,\"valueName\":\"search_term_string\"}}],\"inLanguage\":\"es\"},{\"@type\":\"Organization\",\"@id\":\"https:\/\/www.solidaridadenfermera.org\/almeria\/#organization\",\"name\":\"Delegaci\u00f3n de Almer\u00eda\",\"url\":\"https:\/\/www.solidaridadenfermera.org\/almeria\/\",\"logo\":{\"@type\":\"ImageObject\",\"inLanguage\":\"es\",\"@id\":\"https:\/\/www.solidaridadenfermera.org\/almeria\/#\/schema\/logo\/image\/\",\"url\":\"https:\/\/www.solidaridadenfermera.org\/almeria\/wp-content\/uploads\/sites\/75\/2021\/05\/Logo-SE-Almeria.png\",\"contentUrl\":\"https:\/\/www.solidaridadenfermera.org\/almeria\/wp-content\/uploads\/sites\/75\/2021\/05\/Logo-SE-Almeria.png\",\"width\":578,\"height\":771,\"caption\":\"Delegaci\u00f3n de Almer\u00eda\"},\"image\":{\"@id\":\"https:\/\/www.solidaridadenfermera.org\/almeria\/#\/schema\/logo\/image\/\"}}]}<\/script>\n<!-- \/ Yoast SEO plugin. -->","yoast_head_json":{"title":"Prueba - Delegaci\u00f3n de Almer\u00eda","robots":{"index":"index","follow":"follow","max-snippet":"max-snippet:-1","max-image-preview":"max-image-preview:large","max-video-preview":"max-video-preview:-1"},"canonical":"https:\/\/www.solidaridadenfermera.org\/almeria\/servicios\/299\/","og_locale":"es_ES","og_type":"article","og_title":"Prueba - Delegaci\u00f3n de Almer\u00eda","og_description":"Lorem ipsum dolor sit amet, consectetur adipiscing elit. Nullam eu accumsan lorem. Cras sit amet dictum est. Curabitur viverra tincidunt vestibulum. Nam interdum ornare dolor, ut posuere odio ullamcorper at. Nullam convallis metus eu sem finibus, eget auctor ligula suscipit. Mauris pulvinar quam mollis quam convallis, ut sollicitudin lectus faucibus. Fusce orci libero, blandit nec \u2026","og_url":"https:\/\/www.solidaridadenfermera.org\/almeria\/servicios\/299\/","og_site_name":"Delegaci\u00f3n de Almer\u00eda","article_modified_time":"2021-05-19T07:33:42+00:00","og_image":[{"url":"https:\/\/www.solidaridadenfermera.org\/delegacion-de-almeria\/wp-content\/uploads\/sites\/75\/2020\/04\/computer-desk-laptop-stethoscope-48604-1024x653.jpg","type":"","width":"","height":""}],"twitter_card":"summary_large_image","twitter_misc":{"Tiempo de lectura":"2 minutos"},"schema":{"@context":"https:\/\/schema.org","@graph":[{"@type":"WebPage","@id":"https:\/\/www.solidaridadenfermera.org\/almeria\/servicios\/299\/","url":"https:\/\/www.solidaridadenfermera.org\/almeria\/servicios\/299\/","name":"Prueba - Delegaci\u00f3n de Almer\u00eda","isPartOf":{"@id":"https:\/\/www.solidaridadenfermera.org\/almeria\/#website"},"primaryImageOfPage":{"@id":"https:\/\/www.solidaridadenfermera.org\/almeria\/servicios\/299\/#primaryimage"},"image":{"@id":"https:\/\/www.solidaridadenfermera.org\/almeria\/servicios\/299\/#primaryimage"},"thumbnailUrl":"https:\/\/www.solidaridadenfermera.org\/delegacion-de-almeria\/wp-content\/uploads\/sites\/75\/2020\/04\/computer-desk-laptop-stethoscope-48604-1024x653.jpg","datePublished":"2020-04-14T14:48:07+00:00","dateModified":"2021-05-19T07:33:42+00:00","breadcrumb":{"@id":"https:\/\/www.solidaridadenfermera.org\/almeria\/servicios\/299\/#breadcrumb"},"inLanguage":"es","potentialAction":[{"@type":"ReadAction","target":["https:\/\/www.solidaridadenfermera.org\/almeria\/servicios\/299\/"]}]},{"@type":"ImageObject","inLanguage":"es","@id":"https:\/\/www.solidaridadenfermera.org\/almeria\/servicios\/299\/#primaryimage","url":"https:\/\/www.solidaridadenfermera.org\/delegacion-de-almeria\/wp-content\/uploads\/sites\/75\/2020\/04\/computer-desk-laptop-stethoscope-48604-1024x653.jpg","contentUrl":"https:\/\/www.solidaridadenfermera.org\/delegacion-de-almeria\/wp-content\/uploads\/sites\/75\/2020\/04\/computer-desk-laptop-stethoscope-48604-1024x653.jpg"},{"@type":"BreadcrumbList","@id":"https:\/\/www.solidaridadenfermera.org\/almeria\/servicios\/299\/#breadcrumb","itemListElement":[{"@type":"ListItem","position":1,"name":"Inicio","item":"https:\/\/www.solidaridadenfermera.org\/almeria\/"},{"@type":"ListItem","position":2,"name":"Servicios","item":"https:\/\/www.solidaridadenfermera.org\/almeria\/servicios\/"},{"@type":"ListItem","position":3,"name":"Prueba"}]},{"@type":"WebSite","@id":"https:\/\/www.solidaridadenfermera.org\/almeria\/#website","url":"https:\/\/www.solidaridadenfermera.org\/almeria\/","name":"Delegaci\u00f3n de Almer\u00eda","description":"Consejo General de Enfermer\u00eda (CGE) es una organizaci\u00f3n profesional con m\u00e1s 100 a\u00f1os de historia, que en base a los fines y funciones que le atribuye su Estatuto Aprobado por Real Decreto 1231, de 8 de noviembre de 2001, se constituye como el referente para la profesi\u00f3n de enfermer\u00eda, representando a un colectivo de doscientos mil colegiados.","publisher":{"@id":"https:\/\/www.solidaridadenfermera.org\/almeria\/#organization"},"potentialAction":[{"@type":"SearchAction","target":{"@type":"EntryPoint","urlTemplate":"https:\/\/www.solidaridadenfermera.org\/almeria\/?s={search_term_string}"},"query-input":{"@type":"PropertyValueSpecification","valueRequired":true,"valueName":"search_term_string"}}],"inLanguage":"es"},{"@type":"Organization","@id":"https:\/\/www.solidaridadenfermera.org\/almeria\/#organization","name":"Delegaci\u00f3n de Almer\u00eda","url":"https:\/\/www.solidaridadenfermera.org\/almeria\/","logo":{"@type":"ImageObject","inLanguage":"es","@id":"https:\/\/www.solidaridadenfermera.org\/almeria\/#\/schema\/logo\/image\/","url":"https:\/\/www.solidaridadenfermera.org\/almeria\/wp-content\/uploads\/sites\/75\/2021\/05\/Logo-SE-Almeria.png","contentUrl":"https:\/\/www.solidaridadenfermera.org\/almeria\/wp-content\/uploads\/sites\/75\/2021\/05\/Logo-SE-Almeria.png","width":578,"height":771,"caption":"Delegaci\u00f3n de Almer\u00eda"},"image":{"@id":"https:\/\/www.solidaridadenfermera.org\/almeria\/#\/schema\/logo\/image\/"}}]}},"_links":{"self":[{"href":"https:\/\/www.solidaridadenfermera.org\/almeria\/wp-json\/wp\/v2\/service\/299","targetHints":{"allow":["GET"]}}],"collection":[{"href":"https:\/\/www.solidaridadenfermera.org\/almeria\/wp-json\/wp\/v2\/service"}],"about":[{"href":"https:\/\/www.solidaridadenfermera.org\/almeria\/wp-json\/wp\/v2\/types\/service"}],"wp:attachment":[{"href":"https:\/\/www.solidaridadenfermera.org\/almeria\/wp-json\/wp\/v2\/media?parent=299"}],"wp:term":[{"taxonomy":"service_category","embeddable":true,"href":"https:\/\/www.solidaridadenfermera.org\/almeria\/wp-json\/wp\/v2\/service_category?post=299"}],"curies":[{"name":"wp","href":"https:\/\/api.w.org\/{rel}","templated":true}]}}